{"id":24,"date":"2024-08-23T12:19:34","date_gmt":"2024-08-23T12:19:34","guid":{"rendered":"https:\/\/www.tassaneealleau.com\/?page_id=24"},"modified":"2026-01-14T17:03:05","modified_gmt":"2026-01-14T17:03:05","slug":"a-propos-artiste-plasticienne-vegetal","status":"publish","type":"page","link":"https:\/\/www.tassaneealleau.com\/?page_id=24","title":{"rendered":"CV"},"content":{"rendered":"\n<p><strong>Artiste plasticienne \/ Autrice &#8211; V\u00e9g\u00e9tal &#8211; Racines &#8211; Atelier Les Myriades<\/strong><\/p>\n\n\n\n<div class=\"wp-block-group has-background is-layout-flow wp-block-group-is-layout-flow\" style=\"background-color:#ffffff\">\n<h2 class=\"wp-block-heading\">CV<\/h2>\n\n\n\n<p><a href=\"https:\/\/www.tassaneealleau.com\/wp-content\/uploads\/2024\/10\/Portfolio-Tassanee-ALLEAU-3.pdf\">Lire le Portfolio<\/a><\/p>\n\n\n\n<figure class=\"wp-block-image aligncenter size-large\"><img data-recalc-dims=\"1\" loading=\"lazy\" decoding=\"async\" width=\"734\" height=\"1024\" src=\"https:\/\/i0.wp.com\/www.tassaneealleau.com\/wp-content\/uploads\/2024\/08\/img_1568-1.jpg?resize=734%2C1024&#038;ssl=1\" alt=\"Page web du portfolio de Tassanee Alleau\" class=\"wp-image-106\" srcset=\"https:\/\/i0.wp.com\/www.tassaneealleau.com\/wp-content\/uploads\/2024\/08\/img_1568-1.jpg?resize=734%2C1024&amp;ssl=1 734w, https:\/\/i0.wp.com\/www.tassaneealleau.com\/wp-content\/uploads\/2024\/08\/img_1568-1.jpg?resize=215%2C300&amp;ssl=1 215w, https:\/\/i0.wp.com\/www.tassaneealleau.com\/wp-content\/uploads\/2024\/08\/img_1568-1.jpg?resize=768%2C1071&amp;ssl=1 768w, https:\/\/i0.wp.com\/www.tassaneealleau.com\/wp-content\/uploads\/2024\/08\/img_1568-1.jpg?resize=1101%2C1536&amp;ssl=1 1101w, https:\/\/i0.wp.com\/www.tassaneealleau.com\/wp-content\/uploads\/2024\/08\/img_1568-1.jpg?w=1198&amp;ssl=1 1198w\" sizes=\"auto, (max-width: 734px) 100vw, 734px\" \/><\/figure>\n\n\n\n<figure class=\"wp-block-image aligncenter size-large\"><img data-recalc-dims=\"1\" loading=\"lazy\" decoding=\"async\" width=\"732\" height=\"1024\" src=\"https:\/\/i0.wp.com\/www.tassaneealleau.com\/wp-content\/uploads\/2024\/08\/img_1569-1.jpg?resize=732%2C1024&#038;ssl=1\" alt=\"Page web du portfolio de Tassanee Alleau\" class=\"wp-image-107\" srcset=\"https:\/\/i0.wp.com\/www.tassaneealleau.com\/wp-content\/uploads\/2024\/08\/img_1569-1.jpg?resize=732%2C1024&amp;ssl=1 732w, https:\/\/i0.wp.com\/www.tassaneealleau.com\/wp-content\/uploads\/2024\/08\/img_1569-1.jpg?resize=214%2C300&amp;ssl=1 214w, https:\/\/i0.wp.com\/www.tassaneealleau.com\/wp-content\/uploads\/2024\/08\/img_1569-1.jpg?resize=768%2C1075&amp;ssl=1 768w, https:\/\/i0.wp.com\/www.tassaneealleau.com\/wp-content\/uploads\/2024\/08\/img_1569-1.jpg?resize=1097%2C1536&amp;ssl=1 1097w, https:\/\/i0.wp.com\/www.tassaneealleau.com\/wp-content\/uploads\/2024\/08\/img_1569-1.jpg?w=1201&amp;ssl=1 1201w\" sizes=\"auto, (max-width: 732px) 100vw, 732px\" \/><\/figure>\n\n\n\n<p>Pour naviguer dans le CV, cliquez sur les titres.<\/p>\n\n\n\n<hr class=\"wp-block-separator has-alpha-channel-opacity\"\/>\n\n\n\n<div data-wp-context=\"{ &quot;autoclose&quot;: false, &quot;accordionItems&quot;: [] }\" data-wp-interactive=\"core\/accordion\" role=\"group\" class=\"wp-block-accordion is-layout-flow wp-block-accordion-is-layout-flow\">\n<div data-wp-class--is-open=\"state.isOpen\" data-wp-context=\"{ &quot;id&quot;: &quot;accordion-item-1&quot;, &quot;openByDefault&quot;: false }\" data-wp-init=\"callbacks.initAccordionItems\" data-wp-on-window--hashchange=\"callbacks.hashChange\" class=\"wp-block-accordion-item is-layout-flow wp-block-accordion-item-is-layout-flow\">\n<h3 class=\"wp-block-accordion-heading\"><button aria-expanded=\"false\" aria-controls=\"accordion-item-1-panel\" data-wp-bind--aria-expanded=\"state.isOpen\" data-wp-on--click=\"actions.toggle\" data-wp-on--keydown=\"actions.handleKeyDown\" id=\"accordion-item-1\" class=\"wp-block-accordion-heading__toggle\"><span class=\"wp-block-accordion-heading__toggle-title\">Histoire<\/span><span class=\"wp-block-accordion-heading__toggle-icon\" aria-hidden=\"true\">+<\/span><\/button><\/h3>\n\n\n\n<div inert aria-labelledby=\"accordion-item-1\" data-wp-bind--inert=\"!state.isOpen\" id=\"accordion-item-1-panel\" role=\"region\" class=\"wp-block-accordion-panel is-layout-flow wp-block-accordion-panel-is-layout-flow\">\n<p>\u2013&nbsp;2025-2026&nbsp;: Attach\u00e9e temporaire d&rsquo;enseignement et de recherche, Universit\u00e9 de Tours, Laboratoire CeTHiS. <\/p>\n\n\n\n<p>\u2013&nbsp;d\u00e9cembre 2025 : Docteure en histoire, laboratoire UMR 7323 CESR.<\/p>\n\n\n\n<p>\u2013&nbsp;2019-2025&nbsp;: Contrat doctoral et charge d&rsquo;enseignement, Bourse d&rsquo;\u00e9tablissement Universit\u00e9 de Tours (PhD candidate),&nbsp;Centre d&rsquo;Etudes Sup\u00e9rieures de la Renaissance, UFR-CNRS-UMR 7323, Tours<\/p>\n\n\n\n<p>\u2013&nbsp;2022-2025 : Chercheuse associ\u00e9e \u00e0 la BnF (Biblioth\u00e8que nationale de France), d\u00e9partement des sciences et techniques, Paris<\/p>\n<\/div>\n<\/div>\n<\/div>\n\n\n\n<hr class=\"wp-block-separator has-alpha-channel-opacity\"\/>\n\n\n\n<h4 class=\"wp-block-heading font_8 wixui-rich-text__text\"><strong><em>Arts<\/em><\/strong><\/h4>\n\n\n\n<p class=\"font_7 wixui-rich-text__text\">\u2013 Artiste ind\u00e9pendante,&nbsp;Dipl\u00f4m\u00e9e de l&rsquo;Ecole sup\u00e9rieure d&rsquo;Art et de Design, ESAD Talm, Tours (Beaux Arts)<\/p>\n\n\n\n<hr class=\"wp-block-separator has-alpha-channel-opacity\"\/>\n\n\n\n<div data-wp-context=\"{ &quot;autoclose&quot;: false, &quot;accordionItems&quot;: [] }\" data-wp-interactive=\"core\/accordion\" role=\"group\" class=\"wp-block-accordion is-layout-flow wp-block-accordion-is-layout-flow\">\n<div data-wp-class--is-open=\"state.isOpen\" data-wp-context=\"{ &quot;id&quot;: &quot;accordion-item-2&quot;, &quot;openByDefault&quot;: false }\" data-wp-init=\"callbacks.initAccordionItems\" data-wp-on-window--hashchange=\"callbacks.hashChange\" class=\"wp-block-accordion-item is-layout-flow wp-block-accordion-item-is-layout-flow\">\n<h3 class=\"wp-block-accordion-heading\"><button aria-expanded=\"false\" aria-controls=\"accordion-item-2-panel\" data-wp-bind--aria-expanded=\"state.isOpen\" data-wp-on--click=\"actions.toggle\" data-wp-on--keydown=\"actions.handleKeyDown\" id=\"accordion-item-2\" class=\"wp-block-accordion-heading__toggle\"><span class=\"wp-block-accordion-heading__toggle-title\"><strong>Recherche-cr\u00e9ation, art-action (Artist residency)<\/strong><\/span><span class=\"wp-block-accordion-heading__toggle-icon\" aria-hidden=\"true\">+<\/span><\/button><\/h3>\n\n\n\n<div inert aria-labelledby=\"accordion-item-2\" data-wp-bind--inert=\"!state.isOpen\" id=\"accordion-item-2-panel\" role=\"region\" class=\"wp-block-accordion-panel is-layout-flow wp-block-accordion-panel-is-layout-flow\">\n<h6 class=\"wp-block-heading\"><strong>Ateliers RADIS<\/strong><\/h6>\n\n\n\n<p>&#8211; Atelier RADIS \u00ab\u00a0Racines!\u00a0\u00bb, et balado-conf\u00e9rence sur les plantes et les femmes aux Jardins Passagers, Paris La Villette, 11 octobre 2025, Festival Vivaces!<\/p>\n\n\n\n<p>&#8211; S\u00e9rie de 6 s\u00e9ances d&rsquo;atelier RADIS, Recherche-Action d\u00e9centr\u00e9e inclusive et sensible, \u00ab\u00a0Ecritures et fragments de m\u00e9moire\u00a0\u00bb, expertise \u00e9ditoriale Revue M\u00e9morAsie, ann\u00e9e 2025, Paris, avec l&rsquo;association Asiattitudes.<\/p>\n\n\n\n<p>&#8211; <a href=\"https:\/\/www.tassaneealleau.com\/?p=654\">Atelier RADIS : Atelier d\u2019\u00e9critures plastiques et narratives d\u00e9centr\u00e9es<\/a>, f\u00e9vrier 2025 \u00e0 la mairie du 13e arrondissement, Paris, avec Asiattitudes<\/p>\n\n\n\n<p>&#8211; Atelier RADIS, Recherche-Action d\u00e9centr\u00e9e inclusive et sensible, 28 janvier 2025, H\u00f4pital Bretonneau, Groupe Duo Espoir, Tours.<\/p>\n\n\n\n<p>&#8211; Atelier RADIS, Recherche-Action d\u00e9centr\u00e9e inclusive et sensible, 2024-2025, Cours M1 Alimentation  et Universit\u00e9 de Tours, Villa Rabelais, Tours.<\/p>\n\n\n\n<p class=\"font_8 wixui-rich-text__text\">&#8211; Faire relation avec les mauvaises herbes, Laboratoire ARTES, Universit\u00e9 de&nbsp;Bordeaux Montaigne, novembre 2023.<\/p>\n\n\n\n<h6 class=\"wp-block-heading\"><strong><em>R\u00e9sidences d&rsquo;artistes (Artist residency)<\/em><\/strong><\/h6>\n\n\n\n<p>&#8211; R\u00e9sidence d&rsquo;artiste dans le cadre du festival Bruissements d&rsquo;elles, invit\u00e9e par La Ville-aux-Dames, salle Louis Renard, avril 2024.&nbsp;<a href=\"https:\/\/bruissementsdelles.fr\/programmation\/\" target=\"_blank\" rel=\"noreferrer noopener\" class=\"wixui-rich-text__text\">[Lien ici]<\/a><\/p>\n<\/div>\n<\/div>\n<\/div>\n\n\n\n<hr class=\"wp-block-separator has-alpha-channel-opacity\"\/>\n\n\n\n<div data-wp-context=\"{ &quot;autoclose&quot;: false, &quot;accordionItems&quot;: [] }\" data-wp-interactive=\"core\/accordion\" role=\"group\" class=\"wp-block-accordion is-layout-flow wp-block-accordion-is-layout-flow\">\n<div data-wp-class--is-open=\"state.isOpen\" data-wp-context=\"{ &quot;id&quot;: &quot;accordion-item-3&quot;, &quot;openByDefault&quot;: false }\" data-wp-init=\"callbacks.initAccordionItems\" data-wp-on-window--hashchange=\"callbacks.hashChange\" class=\"wp-block-accordion-item is-layout-flow wp-block-accordion-item-is-layout-flow\">\n<h3 class=\"wp-block-accordion-heading\"><button aria-expanded=\"false\" aria-controls=\"accordion-item-3-panel\" data-wp-bind--aria-expanded=\"state.isOpen\" data-wp-on--click=\"actions.toggle\" data-wp-on--keydown=\"actions.handleKeyDown\" id=\"accordion-item-3\" class=\"wp-block-accordion-heading__toggle\"><span class=\"wp-block-accordion-heading__toggle-title\">Ateliers pour publics divers<\/span><span class=\"wp-block-accordion-heading__toggle-icon\" aria-hidden=\"true\">+<\/span><\/button><\/h3>\n\n\n\n<div inert aria-labelledby=\"accordion-item-3\" data-wp-bind--inert=\"!state.isOpen\" id=\"accordion-item-3-panel\" role=\"region\" class=\"wp-block-accordion-panel is-layout-flow wp-block-accordion-panel-is-layout-flow\">\n<p>&#8211; Ateliers dessin et arts plastiques, 2024-2026, Atelier Les Myriades, Chambray-l\u00e8s-Tours.<\/p>\n\n\n\n<p>&#8211; Ateliers Aquarelle, Mus\u00e9e du Quai Branly (Jacques Chirac), 1er mars 2026, Paris.<\/p>\n\n\n\n<p>&#8211; Atelier Fanzine, P\u00e9pite Festival, 21 mai 2025, Tours, MAME<\/p>\n\n\n\n<p>&#8211;  Atelier Yoga + Peindre le paysage de ses origines \u00e0 l\u2019encre de Chine \u2013 H\u00f4tel Renaissance Paris La D\u00e9fense, le 7\/12\/2024, avec Keo.<\/p>\n\n\n\n<p>&#8211; Atelier Fanzine, Festival ToWo, 31 ao\u00fbt 2024, Complexe sportif des Tourettes \u00e0 Tours, Association Touraine Women.<\/p>\n\n\n\n<p class=\"font_9 wixui-rich-text__text\">&#8211; Ateliers jeunes publics, le 27 mars 2024 \u00e0 la m\u00e9diath\u00e8que Claire Bret\u00e9cher, La Ville-aux-dames<\/p>\n\n\n\n<p class=\"font_9 wixui-rich-text__text\">&#8211; Atelier \u00ab\u00a0Dessiner le paysage de ses origines \u00e0 l&rsquo;encre de Chine\u00a0\u00bb, le 24 f\u00e9vrier 2024 \u00e0 la mairie du 13e arrondissement, Paris, avec Asiattitudes<\/p>\n\n\n\n<p class=\"font_9 wixui-rich-text__text\">&#8211; \u00c9v\u00e9nement au tiers-lieu les Beaumonts \u00e0 Tours &#8211; Au Tours des Possibles, le Salon des Possibles, rendez-vous des associations et entreprises agissant pour la sensibilisation \u00e0 l&rsquo;\u00e9cologie. [<a href=\"https:\/\/www.linkedin.com\/posts\/ethiquesphere_publication-originale-sur-httpslnkdin-activity-6980497395172139008-Q4gW?utm_source=share&amp;utm_medium=member_desktop\" target=\"_blank\" rel=\"noreferrer noopener\" class=\"wixui-rich-text__text\">Lien ici<\/a>]&nbsp;<a href=\"https:\/\/www.instagram.com\/p\/CjNJAMgKchv\/\" target=\"_blank\" rel=\"noreferrer noopener\" class=\"wixui-rich-text__text\">[Photos ici]<\/a><\/p>\n<\/div>\n<\/div>\n<\/div>\n\n\n\n<hr class=\"wp-block-separator has-alpha-channel-opacity\"\/>\n\n\n\n<div data-wp-context=\"{ &quot;autoclose&quot;: false, &quot;accordionItems&quot;: [] }\" data-wp-interactive=\"core\/accordion\" role=\"group\" class=\"wp-block-accordion is-layout-flow wp-block-accordion-is-layout-flow\">\n<div data-wp-class--is-open=\"state.isOpen\" data-wp-context=\"{ &quot;id&quot;: &quot;accordion-item-4&quot;, &quot;openByDefault&quot;: false }\" data-wp-init=\"callbacks.initAccordionItems\" data-wp-on-window--hashchange=\"callbacks.hashChange\" class=\"wp-block-accordion-item is-layout-flow wp-block-accordion-item-is-layout-flow\">\n<h3 class=\"wp-block-accordion-heading\"><button aria-expanded=\"false\" aria-controls=\"accordion-item-4-panel\" data-wp-bind--aria-expanded=\"state.isOpen\" data-wp-on--click=\"actions.toggle\" data-wp-on--keydown=\"actions.handleKeyDown\" id=\"accordion-item-4\" class=\"wp-block-accordion-heading__toggle\"><span class=\"wp-block-accordion-heading__toggle-title\"><strong><em>Expositions individuelles et collectives (Exhibitions\/Events)<\/em><\/strong><\/span><span class=\"wp-block-accordion-heading__toggle-icon\" aria-hidden=\"true\">+<\/span><\/button><\/h3>\n\n\n\n<div inert aria-labelledby=\"accordion-item-4\" data-wp-bind--inert=\"!state.isOpen\" id=\"accordion-item-4-panel\" role=\"region\" class=\"wp-block-accordion-panel is-layout-flow wp-block-accordion-panel-is-layout-flow\">\n<p class=\"font_8 wixui-rich-text__text\">&#8211; Exposition au festival Bruissements d&rsquo;elles, La Ville-aux-Dames, mars 2024.&nbsp;<a href=\"https:\/\/bruissementsdelles.fr\/programmation\/\" target=\"_blank\" rel=\"noreferrer noopener\" class=\"wixui-rich-text__text\">[Lien ici]<\/a><\/p>\n\n\n\n<p class=\"font_8 wixui-rich-text__text\">&#8211; Exposition Galerie H\u00e9misph\u00e8re, Saumur, hiver 2023.<\/p>\n\n\n\n<p class=\"font_8 wixui-rich-text__text\">\u2013&nbsp;<a href=\"https:\/\/tassaneealleau.wixsite.com\/lesmyriades\/petits-formats-2021\" class=\"wixui-rich-text__text\">Exposition collective,&nbsp;Les Petits Formats 2022&nbsp;<\/a>d\u00e9cembre, 14h-19h, \u00e0 l&rsquo;Ecole d&rsquo;art et de design de Tours (site MAME)<\/p>\n\n\n\n<p class=\"font_8 wixui-rich-text__text\">&#8211; Exposition&nbsp;A l&rsquo;Origine, Biblioth\u00e8que Emile Aron de la Facult\u00e9 de M\u00e9decine de Tours du 1er avril 2022 au 29 avril 2022.&nbsp;(Les Rencontres Audacieuses&nbsp;2022, Universit\u00e9 de Tours)&nbsp;<a href=\"https:\/\/tassaneealleau.wixsite.com\/lesmyriades\/about-3\" class=\"wixui-rich-text__text\">lien ici<\/a><\/p>\n\n\n\n<p class=\"font_8 wixui-rich-text__text\">\u2013&nbsp;<a href=\"https:\/\/tassaneealleau.wixsite.com\/lesmyriades\/petits-formats-2021\" class=\"wixui-rich-text__text\">Exposition collective,&nbsp;Les Petits Formats 2021.&nbsp;<\/a>Samedi 4 et Dimanche 5 d\u00e9cembre, 14h-19h, vernissage le vendredi 3 d\u00e9cembre \u00e0 18h30, \u00e0 l&rsquo;Ecole d&rsquo;art et de design de Tours (site MAME)<\/p>\n\n\n\n<p class=\"font_8 wixui-rich-text__text\">\u2013&nbsp;<a href=\"https:\/\/tassaneealleau.wixsite.com\/lesmyriades\/petits-formats-2021\" class=\"wixui-rich-text__text\">Exposition des dipl\u00f4m\u00e9.es,&nbsp;ESAD-TALM&nbsp;<\/a>D\u00e9cembre 2020, \u00e0 l&rsquo;Ecole d&rsquo;art et de design de Tours (site MAME)<\/p>\n\n\n\n<p class=\"font_8 wixui-rich-text__text\">\u2013 F\u00e9vrier, 2018 : Exposition collective&nbsp;\u00ab\u00a0Start Up My Ass\u00a0\u00bb,&nbsp;Fred Morin (curator) pour le festival D\u00e9sir D\u00e9sirs (<a href=\"https:\/\/aaar.fr\/agenda\/evenement\/start-up-my-ass\/\" target=\"_blank\" rel=\"noreferrer noopener\" class=\"wixui-rich-text__text\">ici<\/a>)<\/p>\n\n\n\n<p class=\"font_8 wixui-rich-text__text\">\u2013 D\u00e9cembre, 2017 : Exposition collective&nbsp;\u00ab\u00a0Petits Formats\u00a0\u00bb, organis\u00e9e par&nbsp;<a href=\"https:\/\/aaar.fr\/annuaire\/structure\/mode-demploi\/\" target=\"_blank\" rel=\"noreferrer noopener\" class=\"wixui-rich-text__text\">Mode d&rsquo;Emploi<\/a>, TALM-Tours, \u00e9cole sup\u00e9rieure d&rsquo;art et de design (<a href=\"https:\/\/aaar.fr\/agenda\/evenement\/petits-formats-a-lecole-2017\/\" target=\"_blank\" rel=\"noreferrer noopener\" class=\"wixui-rich-text__text\">ici)<\/a><\/p>\n\n\n\n<p class=\"font_8 wixui-rich-text__text\">\u2013 Mars, 2014 :&nbsp;\u00ab\u00a0Le voyage dans les myriades\u00a0\u00bb,&nbsp;organis\u00e9e par la M\u00e9diath\u00e8que Jacques Lanzmann, Loches, exposition individuelle et lecture de po\u00e9sie \u00e0 voix haute<\/p>\n<\/div>\n<\/div>\n<\/div>\n\n\n\n<hr class=\"wp-block-separator has-alpha-channel-opacity\"\/>\n\n\n\n<div data-wp-context=\"{ &quot;autoclose&quot;: false, &quot;accordionItems&quot;: [] }\" data-wp-interactive=\"core\/accordion\" role=\"group\" class=\"wp-block-accordion is-layout-flow wp-block-accordion-is-layout-flow\">\n<div data-wp-class--is-open=\"state.isOpen\" data-wp-context=\"{ &quot;id&quot;: &quot;accordion-item-5&quot;, &quot;openByDefault&quot;: false }\" data-wp-init=\"callbacks.initAccordionItems\" data-wp-on-window--hashchange=\"callbacks.hashChange\" class=\"wp-block-accordion-item is-layout-flow wp-block-accordion-item-is-layout-flow\">\n<h3 class=\"wp-block-accordion-heading\"><button aria-expanded=\"false\" aria-controls=\"accordion-item-5-panel\" data-wp-bind--aria-expanded=\"state.isOpen\" data-wp-on--click=\"actions.toggle\" data-wp-on--keydown=\"actions.handleKeyDown\" id=\"accordion-item-5\" class=\"wp-block-accordion-heading__toggle\"><span class=\"wp-block-accordion-heading__toggle-title\">Salons<\/span><span class=\"wp-block-accordion-heading__toggle-icon\" aria-hidden=\"true\">+<\/span><\/button><\/h3>\n\n\n\n<div inert aria-labelledby=\"accordion-item-5\" data-wp-bind--inert=\"!state.isOpen\" id=\"accordion-item-5-panel\" role=\"region\" class=\"wp-block-accordion-panel is-layout-flow wp-block-accordion-panel-is-layout-flow\">\n<p class=\"font_8 wixui-rich-text__text\">&#8211;&nbsp;Salon des cr\u00e9ateurs et cr\u00e9atrices : avec&nbsp;Asiattitudes, Mairie du 13e arrondissement, Paris, 24 f\u00e9vrier 2024<\/p>\n\n\n\n<p class=\"font_8 wixui-rich-text__text\">&#8211; Salon L&rsquo;Art est aux nefs, Nantes, 15 et 16 avril 2023.<\/p>\n\n\n\n<p class=\"font_8 wixui-rich-text__text\">&#8211; Salon des cr\u00e9ateurs et cr\u00e9atrices : avec Asiattitudes, Hoba, Paris XVIIe, d\u00e9cembre 2022.<\/p>\n\n\n\n<p class=\"font_8 wixui-rich-text__text\">\u2013 Janvier, 2019 : participation au Salon&nbsp;\u00ab\u00a0Blog&rsquo;in Tours, Salon&nbsp;des Blogueurs et R\u00e9seaux sociaux\u00a0\u00bb, organis\u00e9 par TMV et les Blogueuses de Tours (<a href=\"https:\/\/www.info-tours.fr\/articles\/tours\/2019\/01\/18\/10309\/blog-in-tours-une-journee-pour-tout-savoir-sur-les-blogs-et-les-reseaux-sociaux\/\" target=\"_blank\" rel=\"noreferrer noopener\" class=\"wixui-rich-text__text\">ici<\/a>)<\/p>\n\n\n\n<p class=\"font_8 wixui-rich-text__text\">\u2013 D\u00e9cembre, 2014 : exposante, Salon du Livre de Loches,<\/p>\n\n\n\n<p class=\"font_8 wixui-rich-text__text\">avec l&rsquo;association Signature Touraine<\/p>\n\n\n\n<p class=\"font_8 wixui-rich-text__text\">\u2013 Ao\u00fbt, 2014 : exposante, For\u00eat des livres (book festival), Chanceaux-pr\u00e8s-Loches, organis\u00e9e par Gonzague Saint Bris, avec Signature Touraine<\/p>\n\n\n\n<p class=\"font_8 wixui-rich-text__text\">\u2013 D\u00e9cembre, 2013 : exposante, Salon du Livre de Loches, avec l&rsquo;association Signature Touraine<\/p>\n<\/div>\n<\/div>\n<\/div>\n\n\n\n<p class=\"font_8 wixui-rich-text__text\">&nbsp;<\/p>\n\n\n\n<hr class=\"wp-block-separator has-alpha-channel-opacity\"\/>\n\n\n\n<div data-wp-context=\"{ &quot;autoclose&quot;: false, &quot;accordionItems&quot;: [] }\" data-wp-interactive=\"core\/accordion\" role=\"group\" class=\"wp-block-accordion is-layout-flow wp-block-accordion-is-layout-flow\">\n<div data-wp-class--is-open=\"state.isOpen\" data-wp-context=\"{ &quot;id&quot;: &quot;accordion-item-6&quot;, &quot;openByDefault&quot;: false }\" data-wp-init=\"callbacks.initAccordionItems\" data-wp-on-window--hashchange=\"callbacks.hashChange\" class=\"wp-block-accordion-item is-layout-flow wp-block-accordion-item-is-layout-flow\">\n<h3 class=\"wp-block-accordion-heading\"><button aria-expanded=\"false\" aria-controls=\"accordion-item-6-panel\" data-wp-bind--aria-expanded=\"state.isOpen\" data-wp-on--click=\"actions.toggle\" data-wp-on--keydown=\"actions.handleKeyDown\" id=\"accordion-item-6\" class=\"wp-block-accordion-heading__toggle\"><span class=\"wp-block-accordion-heading__toggle-title\">Bourses &amp; Mobilit\u00e9s<\/span><span class=\"wp-block-accordion-heading__toggle-icon\" aria-hidden=\"true\">+<\/span><\/button><\/h3>\n\n\n\n<div inert aria-labelledby=\"accordion-item-6\" data-wp-bind--inert=\"!state.isOpen\" id=\"accordion-item-6-panel\" role=\"region\" class=\"wp-block-accordion-panel is-layout-flow wp-block-accordion-panel-is-layout-flow\">\n<p class=\"font_8 wixui-rich-text__text\">&#8211; Bourse du comit\u00e9 scientifique de l&rsquo;ISECS SIEDS \u00e0 Rome par l&rsquo;universit\u00e9 de Sapienza.<\/p>\n\n\n\n<p class=\"font_8 wixui-rich-text__text\">&#8211; Bourse de la Casa de Velazquez (Espagne) en mars 2022 &amp; f\u00e9vrier 2023: S\u00e9jour \u00e0 Madrid et \u00e0 S\u00e9ville&nbsp;<\/p>\n\n\n\n<p class=\"font_8 wixui-rich-text__text\">&#8211; Bourse doctorale pour la recherche de th\u00e8se, 4 ans,&nbsp;<a href=\"tel:2019-2023\" class=\"wixui-rich-text__text\">2019-2023<\/a>, Minist\u00e8re de l&rsquo;Enseignement sup\u00e9rieur.<\/p>\n<\/div>\n<\/div>\n<\/div>\n\n\n\n<hr class=\"wp-block-separator has-alpha-channel-opacity\"\/>\n\n\n\n<p class=\"font_8 wixui-rich-text__text\"><strong><em>A U T R E S<\/em><\/strong><\/p>\n\n\n\n<p class=\"font_8 wixui-rich-text__text\">\u2013 Repr\u00e9sentante des doctorant.es au Conseil Culturel de l&rsquo;Universit\u00e9 de Tours et Jury de s\u00e9lection pour la r\u00e9sidence d&rsquo;artiste de l&rsquo;universit\u00e9&nbsp;<a href=\"tel:2021-2022\" class=\"wixui-rich-text__text\">2021-2022<\/a><\/p>\n\n\n\n<p class=\"font_8 wixui-rich-text__text\">\u2013 Co-organisatrice du Prix Litt\u00e9raire Prix Femmes Prodigieuses (en ligne)<\/p>\n\n\n\n<hr class=\"wp-block-separator has-alpha-channel-opacity\"\/>\n\n\n\n<div data-wp-context=\"{ &quot;autoclose&quot;: false, &quot;accordionItems&quot;: [] }\" data-wp-interactive=\"core\/accordion\" role=\"group\" class=\"wp-block-accordion is-layout-flow wp-block-accordion-is-layout-flow\">\n<div data-wp-class--is-open=\"state.isOpen\" data-wp-context=\"{ &quot;id&quot;: &quot;accordion-item-7&quot;, &quot;openByDefault&quot;: false }\" data-wp-init=\"callbacks.initAccordionItems\" data-wp-on-window--hashchange=\"callbacks.hashChange\" class=\"wp-block-accordion-item is-layout-flow wp-block-accordion-item-is-layout-flow\">\n<h3 class=\"wp-block-accordion-heading\"><button aria-expanded=\"false\" aria-controls=\"accordion-item-7-panel\" data-wp-bind--aria-expanded=\"state.isOpen\" data-wp-on--click=\"actions.toggle\" data-wp-on--keydown=\"actions.handleKeyDown\" id=\"accordion-item-7\" class=\"wp-block-accordion-heading__toggle\"><span class=\"wp-block-accordion-heading__toggle-title\">Emissions radiophoniques et podcasts<\/span><span class=\"wp-block-accordion-heading__toggle-icon\" aria-hidden=\"true\">+<\/span><\/button><\/h3>\n\n\n\n<div inert aria-labelledby=\"accordion-item-7\" data-wp-bind--inert=\"!state.isOpen\" id=\"accordion-item-7-panel\" role=\"region\" class=\"wp-block-accordion-panel is-layout-flow wp-block-accordion-panel-is-layout-flow\">\n<p class=\"font_8 wixui-rich-text__text\">\u2013&nbsp;<a href=\"https:\/\/histoiresnat.hypotheses.org\/1996\" target=\"_blank\" rel=\"noreferrer noopener\" class=\"wixui-rich-text__text\">Podcast Histoires naturelles<\/a><\/p>\n\n\n\n<p><a href=\"https:\/\/on.soundcloud.com\/Wdb2oQWXb5gSd379E0\">Profil Soundcloud<\/a><\/p>\n\n\n\n<p>Restitution sonore, Atelier RADIS, groupe DUO ESPOIR, h\u00f4pital Bretonneau, janvier 2025 : <a href=\"https:\/\/on.soundcloud.com\/hJkCPZfyxKdtTiNqM8\">https:\/\/on.soundcloud.com\/hJkCPZfyxKdtTiNqM8<\/a><\/p>\n\n\n\n<p>Po\u00e8mes parl\u00e9s et dessin\u00e9s, pour Asso PoSo : <a href=\"https:\/\/on.soundcloud.com\/hHjU7VmYWzK18TUFD2\">https:\/\/on.soundcloud.com\/hHjU7VmYWzK18TUFD2<\/a><\/p>\n\n\n\n<p>Cit\u00e9es jamais cit\u00e9es, \u00e9mission Citationnons, Septembre 2025, Asso PoSo, Des Bouches tes oreilles, Radio B\u00e9ton : <a href=\"https:\/\/on.soundcloud.com\/FupAUSKGbJ5RwpWZ8b\">https:\/\/on.soundcloud.com\/FupAUSKGbJ5RwpWZ8b<\/a><\/p>\n\n\n\n<p>&#8211; Des Bouches Tes Oreilles, Radio B\u00e9ton, Asso PoSo :<\/p>\n\n\n\n<p><a href=\"https:\/\/podcast-radiobeton.com\/direct-re-lectures\">https:\/\/podcast-radiobeton.com\/direct-re-lectures<\/a><\/p>\n\n\n\n<p><a href=\"https:\/\/podcast-radiobeton.com\/direct-citationnons-septembre-2025\">https:\/\/podcast-radiobeton.com\/direct-citationnons-septembre-2025<\/a><\/p>\n\n\n\n<p><a href=\"https:\/\/podcast-radiobeton.com\/janvier-echanges-de-vocaux\">https:\/\/podcast-radiobeton.com\/janvier-echanges-de-vocaux<\/a><\/p>\n\n\n\n<p>&#8211; \u00ab\u00a0L\u2019\u00e9t\u00e9 de la sorci\u00e8re de Kaho Nashiki\u00a0\u00bb, dans <a href=\"https:\/\/podcast.ausha.co\/asiattitudes\">Asiattitudes &#8211; Identit\u00e9s et cultures des diasporas asiatiques<\/a> <a href=\"https:\/\/podcast.ausha.co\/asiattitudes\/l-ete-de-la-sorciere-de-kaho-nashiki\">https:\/\/podcast.ausha.co\/asiattitudes\/l-ete-de-la-sorciere-de-kaho-nashiki<\/a><\/p>\n\n\n\n<p>&#8211; \u00ab\u00a0Une histoire invisible chez les plantes : quelle place pour les racines ? Avec Tassanee Alleau\u00a0\u00bb, Restez pas plant\u00e9 l\u00e0 !, Ep. 30, vendredi 25 juillet 2025, <a href=\"https:\/\/open.spotify.com\/episode\/6qRwWUgKV95WPC0aJr6B1p?si=h1lQQka-RZ6gDfs1vrQxbA\">https:\/\/open.spotify.com\/episode\/6qRwWUgKV95WPC0aJr6B1p?si=h1lQQka-RZ6gDfs1vrQxbA<\/a> \/ <a href=\"https:\/\/shows.acast.com\/restezpasplantela\/episodes\/une-histoire-invisible-chez-les-plantes-quelle-place-pour-le\">https:\/\/shows.acast.com\/restezpasplantela\/episodes\/une-histoire-invisible-chez-les-plantes-quelle-place-pour-le<\/a><\/p>\n\n\n\n<p>&#8211; Autres fa\u00e7ons de voir, Atypie Friendly de Fran\u00e7oise Roingeard, Radio B\u00e9ton, 23 octobre 2024, <a href=\"https:\/\/podcast-radiobeton.com\/9854\">Autres fa\u00e7ons de Voir \u2013 \u00c9mission du 23\/10\/2024 \u2013 Articulation entre vie personnelle et vie universitaire<\/a><\/p>\n\n\n\n<p>&#8211; \u00ab\u00a0Histoire des plantes\u00a0\u00bb : un herbier pour les trier toutes, 15 juin 2024, France Inter, <a href=\"https:\/\/www.radiofrance.fr\/franceculture\/podcasts\/sciences-chrono\/histoire-des-plantes-un-herbier-pour-les-trier-toutes-7975954\">https:\/\/www.radiofrance.fr\/franceculture\/podcasts\/sciences-chrono\/histoire-des-plantes-un-herbier-pour-les-trier-toutes-7975954<\/a><\/p>\n\n\n\n<p>&#8211; La M\u00e9ridienne \u2013 Tassanee Alleau et Pascal Brioist, Radio Campus, <a href=\"https:\/\/www.radiocampustours.com\/emissions\/la-meridienne-tassanee-alleau-et-pascal-brioist\/\">https:\/\/www.radiocampustours.com\/emissions\/la-meridienne-tassanee-alleau-et-pascal-brioist\/<\/a>, 2020<\/p>\n<\/div>\n<\/div>\n<\/div>\n\n\n\n<hr class=\"wp-block-separator has-alpha-channel-opacity\"\/>\n\n\n\n<div data-wp-context=\"{ &quot;autoclose&quot;: false, &quot;accordionItems&quot;: [] }\" data-wp-interactive=\"core\/accordion\" role=\"group\" class=\"wp-block-accordion is-layout-flow wp-block-accordion-is-layout-flow\">\n<div data-wp-class--is-open=\"state.isOpen\" data-wp-context=\"{ &quot;id&quot;: &quot;accordion-item-8&quot;, &quot;openByDefault&quot;: false }\" data-wp-init=\"callbacks.initAccordionItems\" data-wp-on-window--hashchange=\"callbacks.hashChange\" class=\"wp-block-accordion-item is-layout-flow wp-block-accordion-item-is-layout-flow\">\n<h3 class=\"wp-block-accordion-heading\"><button aria-expanded=\"false\" aria-controls=\"accordion-item-8-panel\" data-wp-bind--aria-expanded=\"state.isOpen\" data-wp-on--click=\"actions.toggle\" data-wp-on--keydown=\"actions.handleKeyDown\" id=\"accordion-item-8\" class=\"wp-block-accordion-heading__toggle\"><span class=\"wp-block-accordion-heading__toggle-title\">Presse et m\u00e9dias<\/span><span class=\"wp-block-accordion-heading__toggle-icon\" aria-hidden=\"true\">+<\/span><\/button><\/h3>\n\n\n\n<div inert aria-labelledby=\"accordion-item-8\" data-wp-bind--inert=\"!state.isOpen\" id=\"accordion-item-8-panel\" role=\"region\" class=\"wp-block-accordion-panel is-layout-flow wp-block-accordion-panel-is-layout-flow\">\n<p>&#8211; Voir des racines partout \u2013 \u00c9cho de recherche, <a href=\"https:\/\/www.bnf.fr\/fr\/voir-des-racines-partout-echo-de-recherche\">https:\/\/www.bnf.fr\/fr\/voir-des-racines-partout-echo-de-recherche<\/a>, par M\u00e9lanie&nbsp;Leroy-Terquem, Article paru dans&nbsp;<a href=\"https:\/\/www.bnf.fr\/fr\/chroniques-le-magazine-de-la-bnf\"><em>Chroniques<\/em><\/a> n\u00b0 104, septembre-d\u00e9cembre&nbsp;2025<\/p>\n\n\n\n<p>&#8211;  P\u00e9pite\u2019s day \u00e0 Tours&nbsp;: l\u2019art au service des territoires urbains, article de La Nouvelle R\u00e9publique, 07\/11\/2025, <a href=\"https:\/\/www.lanouvellerepublique.fr\/indre-et-loire\/pepite-s-day-a-tours-l-art-au-service-des-territoires-urbains-1762534499\">https:\/\/www.lanouvellerepublique.fr\/indre-et-loire\/pepite-s-day-a-tours-l-art-au-service-des-territoires-urbains-1762534499<\/a><\/p>\n\n\n\n<p>&#8211; \u00ab\u00a0Une exposition d\u00e9di\u00e9e au v\u00e9g\u00e9tal\u00a0\u00bb, par Patrick Senn\u00e9, La Nouvelle R\u00e9publique, mardi 26 mars 2024<\/p>\n<\/div>\n<\/div>\n<\/div>\n\n\n\n<figure class=\"wp-block-image size-large\"><img data-recalc-dims=\"1\" loading=\"lazy\" decoding=\"async\" width=\"695\" height=\"1024\" src=\"https:\/\/i0.wp.com\/www.tassaneealleau.com\/wp-content\/uploads\/2026\/01\/article-tassanee-NR.jpg?resize=695%2C1024&#038;ssl=1\" alt=\"\" class=\"wp-image-924\" srcset=\"https:\/\/i0.wp.com\/www.tassaneealleau.com\/wp-content\/uploads\/2026\/01\/article-tassanee-NR.jpg?resize=695%2C1024&amp;ssl=1 695w, https:\/\/i0.wp.com\/www.tassaneealleau.com\/wp-content\/uploads\/2026\/01\/article-tassanee-NR.jpg?resize=204%2C300&amp;ssl=1 204w, https:\/\/i0.wp.com\/www.tassaneealleau.com\/wp-content\/uploads\/2026\/01\/article-tassanee-NR.jpg?resize=768%2C1131&amp;ssl=1 768w, https:\/\/i0.wp.com\/www.tassaneealleau.com\/wp-content\/uploads\/2026\/01\/article-tassanee-NR.jpg?w=800&amp;ssl=1 800w\" sizes=\"auto, (max-width: 695px) 100vw, 695px\" \/><\/figure>\n\n\n\n<hr class=\"wp-block-separator has-alpha-channel-opacity\"\/>\n\n\n\n<div data-wp-context=\"{ &quot;autoclose&quot;: false, &quot;accordionItems&quot;: [] }\" data-wp-interactive=\"core\/accordion\" role=\"group\" class=\"wp-block-accordion is-layout-flow wp-block-accordion-is-layout-flow\">\n<div data-wp-class--is-open=\"state.isOpen\" data-wp-context=\"{ &quot;id&quot;: &quot;accordion-item-9&quot;, &quot;openByDefault&quot;: false }\" data-wp-init=\"callbacks.initAccordionItems\" data-wp-on-window--hashchange=\"callbacks.hashChange\" class=\"wp-block-accordion-item is-layout-flow wp-block-accordion-item-is-layout-flow\">\n<h3 class=\"wp-block-accordion-heading\"><button aria-expanded=\"false\" aria-controls=\"accordion-item-9-panel\" data-wp-bind--aria-expanded=\"state.isOpen\" data-wp-on--click=\"actions.toggle\" data-wp-on--keydown=\"actions.handleKeyDown\" id=\"accordion-item-9\" class=\"wp-block-accordion-heading__toggle\"><span class=\"wp-block-accordion-heading__toggle-title\">Publications<\/span><span class=\"wp-block-accordion-heading__toggle-icon\" aria-hidden=\"true\">+<\/span><\/button><\/h3>\n\n\n\n<div inert aria-labelledby=\"accordion-item-9\" data-wp-bind--inert=\"!state.isOpen\" id=\"accordion-item-9-panel\" role=\"region\" class=\"wp-block-accordion-panel is-layout-flow wp-block-accordion-panel-is-layout-flow\">\n<p class=\"font_9 wixui-rich-text__text\"><strong><em>Articles<\/em><\/strong> :<\/p>\n\n\n\n<p>&#8211; Liste <a href=\"https:\/\/cv.hal.science\/tassanee-alleau\">HAL <\/a><\/p>\n\n\n\n<p class=\"font_8 wixui-rich-text__text\">&#8211; Publication sur CAIRN :&nbsp;<a href=\"https:\/\/www.cairn.info\/publications-de-Tassanee-Alleau--757602.htm\" target=\"_blank\" rel=\"noreferrer noopener\" class=\"wixui-rich-text__text\">ici<\/a><\/p>\n\n\n\n<p class=\"font_8 wixui-rich-text__text\">&#8211;&nbsp;\u00ab La repr\u00e9sentation des racines dans les ouvrages de botanique du Moyen \u00c2ge et de la Renaissance \u00bb, ,&nbsp;<a href=\"https:\/\/bnf.hypotheses.org\/28599\" target=\"_blank\" rel=\"noreferrer noopener\" class=\"wixui-rich-text__text\">https:\/\/bnf.hypotheses.org\/28599<\/a>, publi\u00e9 en 2023.<\/p>\n\n\n\n<p class=\"font_8 wixui-rich-text__text\">&#8211;&nbsp;<a class=\"wixui-rich-text__text\" href=\"https:\/\/www.tela-botanica.org\/2022\/09\/la-botanique-au-cinema-art-et-botanique\/\" target=\"_blank\" rel=\"noreferrer noopener\">La botanique au cin\u00e9ma, Tela Botanica, https:\/\/www.tela-botanica.org\/2022\/09\/la-botanique-au-cinema-art-et-botanique\/<\/a><\/p>\n\n\n\n<p class=\"font_8 wixui-rich-text__text\"><strong><em>Zines, revues, recueils &amp; essais :<\/em><\/strong><\/p>\n\n\n\n<p>&#8211; <em>Webzine Lisi\u00e8res<\/em>, cofondatrice, autrice, avec le Collectif Ethique Sph\u00e8re. <a href=\"https:\/\/www.lisiereswebzine.com\/\">https:\/\/www.lisiereswebzine.com\/<\/a><\/p>\n\n\n\n<p class=\"font_8 wixui-rich-text__text\">&#8211; <em>Le zine qui questionne et qui bougonne<\/em>, zine papier, plusieurs num\u00e9ros,&nbsp;<a href=\"tel:2022-2023\" class=\"wixui-rich-text__text\">2022-2023<\/a>.<\/p>\n\n\n\n<p class=\"font_8 wixui-rich-text__text\">&#8211; Zine&nbsp;<em>\u00c0 l\u2019Origine<\/em>, 2022.<\/p>\n\n\n\n<p class=\"font_8 wixui-rich-text__text\">&#8211;&nbsp;<em>La m\u00e9moire du corps d\u00e9racin\u00e9<\/em>, essai de fin d\u2019\u00e9tude d\u2019\u00e9cole d\u2019art, 2020.<\/p>\n\n\n\n<p class=\"font_9 wixui-rich-text__text\">\u2013 2014 : Tassanee Alleau, texte individuel,&nbsp;\u00ab\u00a0Un avenir une renaissance\u00a0\u00bb,&nbsp;Investissez l&rsquo;Avenir, La Parole aux \u00e9tudiants, <a href=\"https:\/\/lesrencontreseconomiques.fr\/2014\/wp-content\/uploads\/sites\/2\/2014\/07\/investissez-l-avenir.pdf\">Le Cercle des Economistes, Rencontres d&rsquo;Aix en Provence, recueil collectif, pr\u00e9sident du cercle Jean-Herv\u00e9 Lorenzi et pr\u00e9sident du jury Erik Orsenna.<\/a><\/p>\n\n\n\n<p class=\"font_9 wixui-rich-text__text\">\u2013 2014 : Tassanie All,&nbsp;Po\u00e8mes libres ou le voyage dans les myriades II<\/p>\n\n\n\n<p class=\"font_9 wixui-rich-text__text\">\u2013 2013 : Tassanie All,&nbsp;Po\u00e8mes libres ou le voyage dans les myriades I<\/p>\n<\/div>\n<\/div>\n<\/div>\n\n\n\n<ul class=\"wp-block-social-links is-layout-flex wp-block-social-links-is-layout-flex\"><li class=\"wp-social-link wp-social-link-mastodon  wp-block-social-link\"><a href=\"https:\/\/piaille.fr\/@tassadanslesmyriades\" class=\"wp-block-social-link-anchor\"><svg width=\"24\" height=\"24\" viewBox=\"0 0 24 24\" version=\"1.1\" xmlns=\"http:\/\/www.w3.org\/2000\/svg\" aria-hidden=\"true\" focusable=\"false\"><path d=\"M23.193 7.879c0-5.206-3.411-6.732-3.411-6.732C18.062.357 15.108.025 12.041 0h-.076c-3.068.025-6.02.357-7.74 1.147 0 0-3.411 1.526-3.411 6.732 0 1.192-.023 2.618.015 4.129.124 5.092.934 10.109 5.641 11.355 2.17.574 4.034.695 5.535.612 2.722-.15 4.25-.972 4.25-.972l-.09-1.975s-1.945.613-4.129.539c-2.165-.074-4.449-.233-4.799-2.891a5.499 5.499 0 0 1-.048-.745s2.125.52 4.817.643c1.646.075 3.19-.097 4.758-.283 3.007-.359 5.625-2.212 5.954-3.905.517-2.665.475-6.507.475-6.507zm-4.024 6.709h-2.497V8.469c0-1.29-.543-1.944-1.628-1.944-1.2 0-1.802.776-1.802 2.312v3.349h-2.483v-3.35c0-1.536-.602-2.312-1.802-2.312-1.085 0-1.628.655-1.628 1.944v6.119H4.832V8.284c0-1.289.328-2.313.987-3.07.68-.758 1.569-1.146 2.674-1.146 1.278 0 2.246.491 2.886 1.474L12 6.585l.622-1.043c.64-.983 1.608-1.474 2.886-1.474 1.104 0 1.994.388 2.674 1.146.658.757.986 1.781.986 3.07v6.304z\"\/><\/svg><span class=\"wp-block-social-link-label screen-reader-text\">Mastodon<\/span><\/a><\/li>\n\n<li class=\"wp-social-link wp-social-link-instagram  wp-block-social-link\"><a href=\"http:\/\/www.instagram.com\/jesuismyriades\" class=\"wp-block-social-link-anchor\"><svg width=\"24\" height=\"24\" viewBox=\"0 0 24 24\" version=\"1.1\" xmlns=\"http:\/\/www.w3.org\/2000\/svg\" aria-hidden=\"true\" focusable=\"false\"><path d=\"M12,4.622c2.403,0,2.688,0.009,3.637,0.052c0.877,0.04,1.354,0.187,1.671,0.31c0.42,0.163,0.72,0.358,1.035,0.673 c0.315,0.315,0.51,0.615,0.673,1.035c0.123,0.317,0.27,0.794,0.31,1.671c0.043,0.949,0.052,1.234,0.052,3.637 s-0.009,2.688-0.052,3.637c-0.04,0.877-0.187,1.354-0.31,1.671c-0.163,0.42-0.358,0.72-0.673,1.035 c-0.315,0.315-0.615,0.51-1.035,0.673c-0.317,0.123-0.794,0.27-1.671,0.31c-0.949,0.043-1.233,0.052-3.637,0.052 s-2.688-0.009-3.637-0.052c-0.877-0.04-1.354-0.187-1.671-0.31c-0.42-0.163-0.72-0.358-1.035-0.673 c-0.315-0.315-0.51-0.615-0.673-1.035c-0.123-0.317-0.27-0.794-0.31-1.671C4.631,14.688,4.622,14.403,4.622,12 s0.009-2.688,0.052-3.637c0.04-0.877,0.187-1.354,0.31-1.671c0.163-0.42,0.358-0.72,0.673-1.035 c0.315-0.315,0.615-0.51,1.035-0.673c0.317-0.123,0.794-0.27,1.671-0.31C9.312,4.631,9.597,4.622,12,4.622 M12,3 C9.556,3,9.249,3.01,8.289,3.054C7.331,3.098,6.677,3.25,6.105,3.472C5.513,3.702,5.011,4.01,4.511,4.511 c-0.5,0.5-0.808,1.002-1.038,1.594C3.25,6.677,3.098,7.331,3.054,8.289C3.01,9.249,3,9.556,3,12c0,2.444,0.01,2.751,0.054,3.711 c0.044,0.958,0.196,1.612,0.418,2.185c0.23,0.592,0.538,1.094,1.038,1.594c0.5,0.5,1.002,0.808,1.594,1.038 c0.572,0.222,1.227,0.375,2.185,0.418C9.249,20.99,9.556,21,12,21s2.751-0.01,3.711-0.054c0.958-0.044,1.612-0.196,2.185-0.418 c0.592-0.23,1.094-0.538,1.594-1.038c0.5-0.5,0.808-1.002,1.038-1.594c0.222-0.572,0.375-1.227,0.418-2.185 C20.99,14.751,21,14.444,21,12s-0.01-2.751-0.054-3.711c-0.044-0.958-0.196-1.612-0.418-2.185c-0.23-0.592-0.538-1.094-1.038-1.594 c-0.5-0.5-1.002-0.808-1.594-1.038c-0.572-0.222-1.227-0.375-2.185-0.418C14.751,3.01,14.444,3,12,3L12,3z M12,7.378 c-2.552,0-4.622,2.069-4.622,4.622S9.448,16.622,12,16.622s4.622-2.069,4.622-4.622S14.552,7.378,12,7.378z M12,15 c-1.657,0-3-1.343-3-3s1.343-3,3-3s3,1.343,3,3S13.657,15,12,15z M16.804,6.116c-0.596,0-1.08,0.484-1.08,1.08 s0.484,1.08,1.08,1.08c0.596,0,1.08-0.484,1.08-1.08S17.401,6.116,16.804,6.116z\"><\/path><\/svg><span class=\"wp-block-social-link-label screen-reader-text\">Instagram<\/span><\/a><\/li>\n\n<li class=\"wp-social-link wp-social-link-chain  wp-block-social-link\"><a href=\"http:\/\/www.tassadanslesmyriades.fr\" class=\"wp-block-social-link-anchor\"><svg width=\"24\" height=\"24\" viewBox=\"0 0 24 24\" version=\"1.1\" xmlns=\"http:\/\/www.w3.org\/2000\/svg\" aria-hidden=\"true\" focusable=\"false\"><path d=\"M15.6,7.2H14v1.5h1.6c2,0,3.7,1.7,3.7,3.7s-1.7,3.7-3.7,3.7H14v1.5h1.6c2.8,0,5.2-2.3,5.2-5.2,0-2.9-2.3-5.2-5.2-5.2zM4.7,12.4c0-2,1.7-3.7,3.7-3.7H10V7.2H8.4c-2.9,0-5.2,2.3-5.2,5.2,0,2.9,2.3,5.2,5.2,5.2H10v-1.5H8.4c-2,0-3.7-1.7-3.7-3.7zm4.6.9h5.3v-1.5H9.3v1.5z\"><\/path><\/svg><span class=\"wp-block-social-link-label screen-reader-text\">blog<\/span><\/a><\/li><\/ul>\n<\/div>\n","protected":false},"excerpt":{"rendered":"<p>Artiste plasticienne \/ Autrice &#8211; V\u00e9g\u00e9tal &#8211; Racines &#8211; Atelier Les Myriades CV Lire le Portfolio Pour naviguer dans le CV, cliquez sur les titres. Arts \u2013 Artiste ind\u00e9pendante,&nbsp;Dipl\u00f4m\u00e9e de l&rsquo;Ecole sup\u00e9rieure d&rsquo;Art et de Design, ESAD Talm, Tours (Beaux Arts) &nbsp; A U T R E S \u2013 Repr\u00e9sentante des doctorant.es au Conseil Culturel [&hellip;]<\/p>\n","protected":false},"author":1,"featured_media":0,"parent":0,"menu_order":0,"comment_status":"closed","ping_status":"closed","template":"","meta":{"footnotes":""},"class_list":["post-24","page","type-page","status-publish","hentry"],"jetpack_sharing_enabled":true,"_links":{"self":[{"href":"https:\/\/www.tassaneealleau.com\/index.php?rest_route=\/wp\/v2\/pages\/24","targetHints":{"allow":["GET"]}}],"collection":[{"href":"https:\/\/www.tassaneealleau.com\/index.php?rest_route=\/wp\/v2\/pages"}],"about":[{"href":"https:\/\/www.tassaneealleau.com\/index.php?rest_route=\/wp\/v2\/types\/page"}],"author":[{"embeddable":true,"href":"https:\/\/www.tassaneealleau.com\/index.php?rest_route=\/wp\/v2\/users\/1"}],"replies":[{"embeddable":true,"href":"https:\/\/www.tassaneealleau.com\/index.php?rest_route=%2Fwp%2Fv2%2Fcomments&post=24"}],"version-history":[{"count":61,"href":"https:\/\/www.tassaneealleau.com\/index.php?rest_route=\/wp\/v2\/pages\/24\/revisions"}],"predecessor-version":[{"id":948,"href":"https:\/\/www.tassaneealleau.com\/index.php?rest_route=\/wp\/v2\/pages\/24\/revisions\/948"}],"wp:attachment":[{"href":"https:\/\/www.tassaneealleau.com\/index.php?rest_route=%2Fwp%2Fv2%2Fmedia&parent=24"}],"curies":[{"name":"wp","href":"https:\/\/api.w.org\/{rel}","templated":true}]}}